{"id":39,"date":"2024-04-28T18:44:43","date_gmt":"2024-04-28T16:44:43","guid":{"rendered":"http:\/\/tdi_1_e7c"},"modified":"2025-01-15T07:45:25","modified_gmt":"2025-01-15T06:45:25","slug":"home","status":"publish","type":"page","link":"https:\/\/lesexplorateurscatalans.fr\/","title":{"rendered":"Home"},"content":{"rendered":"<div id=\"tdi_1\" class=\"tdc-zone\"><div class=\"tdc_zone tdi_2  wpb_row td-pb-row\"  >\n<style scoped>\n\/* custom css - generated by TagDiv Composer *\/\n\n\/* custom css - generated by TagDiv Composer *\/\n.tdi_2{\r\n                    min-height: 0;\r\n                }\n<\/style><div id=\"tdi_3\" class=\"tdc-row stretch_row\"><div class=\"vc_row tdi_4  wpb_row td-pb-row\" >\n<style scoped>\n\/* custom css - generated by TagDiv Composer *\/\n\n\/* custom css - generated by TagDiv Composer *\/\n.tdi_4,\r\n                .tdi_4 .tdc-columns{\r\n                    min-height: 0;\r\n                }.tdi_4,\r\n\t\t\t\t.tdi_4 .tdc-columns{\r\n\t\t\t\t    display: block;\r\n\t\t\t\t}.tdi_4 .tdc-columns{\r\n\t\t\t\t    width: 100%;\r\n\t\t\t\t}.tdi_4:before,\r\n\t\t\t\t.tdi_4:after{\r\n\t\t\t\t    display: table;\r\n\t\t\t\t}\n<\/style><div class=\"vc_column tdi_6  wpb_column vc_column_container tdc-column td-pb-span12\">\n<style scoped>\n\/* custom css - generated by TagDiv Composer *\/\n\n\/* custom css - generated by TagDiv Composer *\/\n.tdi_6{\r\n                    vertical-align: baseline;\r\n                }.tdi_6 > .wpb_wrapper,\r\n\t\t\t\t.tdi_6 > .wpb_wrapper > .tdc-elements{\r\n\t\t\t\t    display: block;\r\n\t\t\t\t}.tdi_6 > .wpb_wrapper > .tdc-elements{\r\n\t\t\t\t    width: 100%;\r\n\t\t\t\t}.tdi_6 > .wpb_wrapper > .vc_row_inner{\r\n\t\t\t\t    width: auto;\r\n\t\t\t\t}.tdi_6 > .wpb_wrapper{\r\n\t\t\t\t    width: auto;\r\n\t\t\t\t    height: auto;\r\n\t\t\t\t}\n<\/style><div class=\"wpb_wrapper\" ><div class=\"td_block_wrap td_block_big_grid_fl_9 tdi_7 td-grid-style-1 td-hover-1 td-big-grids-fl td-big-grids-margin td-big-grids-scroll td-pb-border-top td_block_template_6\"  data-td-block-uid=\"tdi_7\" ><div id=tdi_7 class=\"td_block_inner\"><div class=\"td-big-grid-wrapper td-posts-4\">\r\n        <div class=\"td_module_mx19 td_module_wrap td-animation-stack td-big-grid-post-0 td-big-grid-post td-mx-23\">\r\n            <div class=\"td-module-image\">\r\n                <div class=\"td-module-thumb\"><a href=\"https:\/\/lesexplorateurscatalans.fr\/index.php\/2025\/12\/14\/cathedrale-notre-dame-des-doms-avignon\/\"  rel=\"bookmark\" class=\"td-image-wrap \" title=\"Cath\u00e9drale Notre-Dame-des-Doms d\u2019Avignon : un joyau spirituel au c\u0153ur de la cit\u00e9 des papes\" ><span class=\"entry-thumb td-thumb-css\" data-type=\"css_image\" data-img-url=\"https:\/\/lesexplorateurscatalans.fr\/wp-content\/uploads\/2025\/12\/IMG_9584-1068x801.jpeg\"  ><\/span><\/a><\/div>            <\/div>\r\n\r\n            <div class=\"td-meta-info-container\">\r\n                <div class=\"td-meta-align\">\r\n                    <div class=\"td-big-grid-meta\">\r\n                                                <h3 class=\"entry-title td-module-title\"><a href=\"https:\/\/lesexplorateurscatalans.fr\/index.php\/2025\/12\/14\/cathedrale-notre-dame-des-doms-avignon\/\"  rel=\"bookmark\" title=\"Cath\u00e9drale Notre-Dame-des-Doms d\u2019Avignon : un joyau spirituel au c\u0153ur de la cit\u00e9 des papes\">Cath\u00e9drale Notre-Dame-des-Doms d\u2019Avignon : un joyau spirituel au c\u0153ur de la cit\u00e9 des papes<\/a><\/h3>                    <\/div>\r\n\r\n                    <div class=\"td-module-meta-info\">\r\n                        <span class=\"td-post-author-name\"><a href=\"https:\/\/lesexplorateurscatalans.fr\/index.php\/author\/admin\/\">Les Explorateurs Catalans<\/a><\/span>                                            <\/div>\r\n                <\/div>\r\n            <\/div>\r\n        <\/div>\r\n\r\n        <div class=\"td-big-grid-scroll\">\r\n        <div class=\"td_module_mx26 td_module_wrap td-animation-stack td-big-grid-post-1 td-big-grid-post td-mx-23\">\r\n            <div class=\"td-module-image\">\r\n                <div class=\"td-module-thumb\"><a href=\"https:\/\/lesexplorateurscatalans.fr\/index.php\/2025\/12\/14\/musee-du-petit-palais-avignon\/\"  rel=\"bookmark\" class=\"td-image-wrap \" title=\"Le Mus\u00e9e du Petit Palais \u00e0 Avignon : un tr\u00e9sor de l\u2019art m\u00e9di\u00e9val et de la Renaissance\" ><span class=\"entry-thumb td-thumb-css\" data-type=\"css_image\" data-img-url=\"https:\/\/lesexplorateurscatalans.fr\/wp-content\/uploads\/2025\/12\/IMG_9578-1068x580.jpeg\"  ><\/span><\/a><\/div>            <\/div>\r\n\r\n            <div class=\"td-meta-info-container\">\r\n                <div class=\"td-meta-align\">\r\n                    <div class=\"td-big-grid-meta\">\r\n                                                <h3 class=\"entry-title td-module-title\"><a href=\"https:\/\/lesexplorateurscatalans.fr\/index.php\/2025\/12\/14\/musee-du-petit-palais-avignon\/\"  rel=\"bookmark\" title=\"Le Mus\u00e9e du Petit Palais \u00e0 Avignon : un tr\u00e9sor de l\u2019art m\u00e9di\u00e9val et de la Renaissance\">Le Mus\u00e9e du Petit Palais \u00e0 Avignon : un tr\u00e9sor de l\u2019art m\u00e9di\u00e9val et de la Renaissance<\/a><\/h3>                    <\/div>\r\n                <\/div>\r\n            <\/div>\r\n        <\/div>\r\n\r\n        \r\n        <div class=\"td_module_mx25 td_module_wrap td-animation-stack td-big-grid-post-2 td-big-grid-post td-mx-15\">\r\n            <div class=\"td-module-image\">\r\n                <div class=\"td-module-thumb\"><a href=\"https:\/\/lesexplorateurscatalans.fr\/index.php\/2025\/12\/14\/jardin-des-doms-avignon\/\"  rel=\"bookmark\" class=\"td-image-wrap \" title=\"Le Jardin des Doms \u00e0 Avignon : une parenth\u00e8se verte au c\u0153ur de la cit\u00e9 des papes\" ><span class=\"entry-thumb td-thumb-css\" data-type=\"css_image\" data-img-url=\"https:\/\/lesexplorateurscatalans.fr\/wp-content\/uploads\/2025\/12\/IMG_9570-485x360.jpeg\"  ><\/span><\/a><\/div>            <\/div>\r\n\r\n            <div class=\"td-meta-info-container\">\r\n                <div class=\"td-meta-align\">\r\n                    <div class=\"td-big-grid-meta\">\r\n                                                <h3 class=\"entry-title td-module-title\"><a href=\"https:\/\/lesexplorateurscatalans.fr\/index.php\/2025\/12\/14\/jardin-des-doms-avignon\/\"  rel=\"bookmark\" title=\"Le Jardin des Doms \u00e0 Avignon : une parenth\u00e8se verte au c\u0153ur de la cit\u00e9 des papes\">Le Jardin des Doms \u00e0 Avignon : une parenth\u00e8se verte au c\u0153ur de la cit\u00e9 des papes<\/a><\/h3>                    <\/div>\r\n                <\/div>\r\n            <\/div>\r\n        <\/div>\r\n\r\n        \r\n        <div class=\"td_module_mx25 td_module_wrap td-animation-stack td-big-grid-post-3 td-big-grid-post td-mx-15\">\r\n            <div class=\"td-module-image\">\r\n                <div class=\"td-module-thumb\"><a href=\"https:\/\/lesexplorateurscatalans.fr\/index.php\/2025\/12\/14\/pont-d-avignon\/\"  rel=\"bookmark\" class=\"td-image-wrap \" title=\"Le Pont d\u2019Avignon (Pont Saint-B\u00e9n\u00e9zet) : un monument mythique charg\u00e9 d\u2019histoire\" ><span class=\"entry-thumb td-thumb-css\" data-type=\"css_image\" data-img-url=\"https:\/\/lesexplorateurscatalans.fr\/wp-content\/uploads\/2025\/12\/IMG_9560-485x360.jpeg\"  ><\/span><\/a><\/div>            <\/div>\r\n\r\n            <div class=\"td-meta-info-container\">\r\n                <div class=\"td-meta-align\">\r\n                    <div class=\"td-big-grid-meta\">\r\n                                                <h3 class=\"entry-title td-module-title\"><a href=\"https:\/\/lesexplorateurscatalans.fr\/index.php\/2025\/12\/14\/pont-d-avignon\/\"  rel=\"bookmark\" title=\"Le Pont d\u2019Avignon (Pont Saint-B\u00e9n\u00e9zet) : un monument mythique charg\u00e9 d\u2019histoire\">Le Pont d\u2019Avignon (Pont Saint-B\u00e9n\u00e9zet) : un monument mythique charg\u00e9 d\u2019histoire<\/a><\/h3>                    <\/div>\r\n                <\/div>\r\n            <\/div>\r\n        <\/div>\r\n\r\n        <\/div><div class=\"clearfix\"><\/div><\/div><\/div><\/div> <!-- .\/block --><\/div><\/div><\/div><\/div><div id=\"tdi_8\" class=\"tdc-row\"><div class=\"vc_row tdi_9  wpb_row td-pb-row\" >\n<style scoped>\n\/* custom css - generated by TagDiv Composer *\/\n\n\/* custom css - generated by TagDiv Composer *\/\n.tdi_9,\r\n                .tdi_9 .tdc-columns{\r\n                    min-height: 0;\r\n                }.tdi_9,\r\n\t\t\t\t.tdi_9 .tdc-columns{\r\n\t\t\t\t    display: block;\r\n\t\t\t\t}.tdi_9 .tdc-columns{\r\n\t\t\t\t    width: 100%;\r\n\t\t\t\t}.tdi_9:before,\r\n\t\t\t\t.tdi_9:after{\r\n\t\t\t\t    display: table;\r\n\t\t\t\t}\n<\/style><div class=\"vc_column tdi_11  wpb_column vc_column_container tdc-column td-pb-span8\">\n<style scoped>\n\/* custom css - generated by TagDiv Composer *\/\n\n\/* custom css - generated by TagDiv Composer *\/\n.tdi_11{\r\n                    vertical-align: baseline;\r\n                }.tdi_11 > .wpb_wrapper,\r\n\t\t\t\t.tdi_11 > .wpb_wrapper > .tdc-elements{\r\n\t\t\t\t    display: block;\r\n\t\t\t\t}.tdi_11 > .wpb_wrapper > .tdc-elements{\r\n\t\t\t\t    width: 100%;\r\n\t\t\t\t}.tdi_11 > .wpb_wrapper > .vc_row_inner{\r\n\t\t\t\t    width: auto;\r\n\t\t\t\t}.tdi_11 > .wpb_wrapper{\r\n\t\t\t\t    width: auto;\r\n\t\t\t\t    height: auto;\r\n\t\t\t\t}\n<\/style><div class=\"wpb_wrapper\" ><div class=\"td_block_wrap td_block_23 tdi_12 td-pb-border-top td_block_template_6 td-column-2\"  data-td-block-uid=\"tdi_12\" ><script>var block_tdi_12 = new tdBlock();\nblock_tdi_12.id = \"tdi_12\";\nblock_tdi_12.atts = '{\"limit\":\"2\",\"block_type\":\"td_block_23\",\"separator\":\"\",\"custom_title\":\"\",\"custom_url\":\"\",\"block_template_id\":\"\",\"m18_tl\":\"\",\"m18_el\":\"\",\"post_ids\":\"\",\"category_id\":\"\",\"taxonomies\":\"\",\"category_ids\":\"\",\"in_all_terms\":\"\",\"tag_slug\":\"\",\"autors_id\":\"\",\"installed_post_types\":\"\",\"include_cf_posts\":\"\",\"exclude_cf_posts\":\"\",\"sort\":\"\",\"popular_by_date\":\"\",\"linked_posts\":\"\",\"favourite_only\":\"\",\"offset\":\"\",\"open_in_new_window\":\"\",\"show_modified_date\":\"\",\"time_ago\":\"\",\"time_ago_add_txt\":\"ago\",\"time_ago_txt_pos\":\"\",\"review_source\":\"\",\"el_class\":\"\",\"td_ajax_filter_type\":\"\",\"td_ajax_filter_ids\":\"\",\"td_filter_default_txt\":\"All\",\"td_ajax_preloading\":\"\",\"f_header_font_header\":\"\",\"f_header_font_title\":\"Block header\",\"f_header_font_settings\":\"\",\"f_header_font_family\":\"\",\"f_header_font_size\":\"\",\"f_header_font_line_height\":\"\",\"f_header_font_style\":\"\",\"f_header_font_weight\":\"\",\"f_header_font_transform\":\"\",\"f_header_font_spacing\":\"\",\"f_header_\":\"\",\"f_ajax_font_title\":\"Ajax categories\",\"f_ajax_font_settings\":\"\",\"f_ajax_font_family\":\"\",\"f_ajax_font_size\":\"\",\"f_ajax_font_line_height\":\"\",\"f_ajax_font_style\":\"\",\"f_ajax_font_weight\":\"\",\"f_ajax_font_transform\":\"\",\"f_ajax_font_spacing\":\"\",\"f_ajax_\":\"\",\"f_more_font_title\":\"Load more button\",\"f_more_font_settings\":\"\",\"f_more_font_family\":\"\",\"f_more_font_size\":\"\",\"f_more_font_line_height\":\"\",\"f_more_font_style\":\"\",\"f_more_font_weight\":\"\",\"f_more_font_transform\":\"\",\"f_more_font_spacing\":\"\",\"f_more_\":\"\",\"m18f_title_font_header\":\"\",\"m18f_title_font_title\":\"Article title\",\"m18f_title_font_settings\":\"\",\"m18f_title_font_family\":\"\",\"m18f_title_font_size\":\"\",\"m18f_title_font_line_height\":\"\",\"m18f_title_font_style\":\"\",\"m18f_title_font_weight\":\"\",\"m18f_title_font_transform\":\"\",\"m18f_title_font_spacing\":\"\",\"m18f_title_\":\"\",\"m18f_cat_font_title\":\"Article category tag\",\"m18f_cat_font_settings\":\"\",\"m18f_cat_font_family\":\"\",\"m18f_cat_font_size\":\"\",\"m18f_cat_font_line_height\":\"\",\"m18f_cat_font_style\":\"\",\"m18f_cat_font_weight\":\"\",\"m18f_cat_font_transform\":\"\",\"m18f_cat_font_spacing\":\"\",\"m18f_cat_\":\"\",\"m18f_meta_font_title\":\"Article meta info\",\"m18f_meta_font_settings\":\"\",\"m18f_meta_font_family\":\"\",\"m18f_meta_font_size\":\"\",\"m18f_meta_font_line_height\":\"\",\"m18f_meta_font_style\":\"\",\"m18f_meta_font_weight\":\"\",\"m18f_meta_font_transform\":\"\",\"m18f_meta_font_spacing\":\"\",\"m18f_meta_\":\"\",\"m18f_ex_font_title\":\"Article excerpt\",\"m18f_ex_font_settings\":\"\",\"m18f_ex_font_family\":\"\",\"m18f_ex_font_size\":\"\",\"m18f_ex_font_line_height\":\"\",\"m18f_ex_font_style\":\"\",\"m18f_ex_font_weight\":\"\",\"m18f_ex_font_transform\":\"\",\"m18f_ex_font_spacing\":\"\",\"m18f_ex_\":\"\",\"m18f_btn_font_title\":\"Article read more button\",\"m18f_btn_font_settings\":\"\",\"m18f_btn_font_family\":\"\",\"m18f_btn_font_size\":\"\",\"m18f_btn_font_line_height\":\"\",\"m18f_btn_font_style\":\"\",\"m18f_btn_font_weight\":\"\",\"m18f_btn_font_transform\":\"\",\"m18f_btn_font_spacing\":\"\",\"m18f_btn_\":\"\",\"ajax_pagination\":\"\",\"ajax_pagination_next_prev_swipe\":\"\",\"ajax_pagination_infinite_stop\":\"\",\"css\":\"\",\"tdc_css\":\"\",\"td_column_number\":2,\"header_color\":\"\",\"color_preset\":\"\",\"border_top\":\"\",\"class\":\"tdi_12\",\"tdc_css_class\":\"tdi_12\",\"tdc_css_class_style\":\"tdi_12_rand_style\"}';\nblock_tdi_12.td_column_number = \"2\";\nblock_tdi_12.block_type = \"td_block_23\";\nblock_tdi_12.post_count = \"2\";\nblock_tdi_12.found_posts = \"36\";\nblock_tdi_12.header_color = \"\";\nblock_tdi_12.ajax_pagination_infinite_stop = \"\";\nblock_tdi_12.max_num_pages = \"18\";\ntdBlocksArray.push(block_tdi_12);\n<\/script><div class=\"td-block-title-wrap\"><\/div><div id=tdi_12 class=\"td_block_inner td-column-2 td-opacity-cat td-opacity-read td-opacity-author\">\r\n        <div class=\"td_module_18 td_module_wrap td-animation-stack\">\r\n            <div class=\"meta-info-container\">\r\n                <div class=\"td-module-meta-info\">\r\n                    <a href=\"https:\/\/lesexplorateurscatalans.fr\/index.php\/category\/carnet-de-voyage\/\" class=\"td-post-category\" >Carnet de voyage<\/a>                    <h3 class=\"entry-title td-module-title\"><a href=\"https:\/\/lesexplorateurscatalans.fr\/index.php\/2025\/12\/14\/cathedrale-notre-dame-des-doms-avignon\/\"  rel=\"bookmark\" title=\"Cath\u00e9drale Notre-Dame-des-Doms d\u2019Avignon : un joyau spirituel au c\u0153ur de la cit\u00e9 des papes\">Cath\u00e9drale Notre-Dame-des-Doms d\u2019Avignon : un joyau spirituel au c\u0153ur de la cit\u00e9 des papes<\/a><\/h3>                    <span class=\"td-post-author-name\"><a href=\"https:\/\/lesexplorateurscatalans.fr\/index.php\/author\/admin\/\">Les Explorateurs Catalans<\/a><\/span>                                                        <\/div>\r\n                <div class=\"td-module-thumb\"><a href=\"https:\/\/lesexplorateurscatalans.fr\/index.php\/2025\/12\/14\/cathedrale-notre-dame-des-doms-avignon\/\"  rel=\"bookmark\" class=\"td-image-wrap \" title=\"Cath\u00e9drale Notre-Dame-des-Doms d\u2019Avignon : un joyau spirituel au c\u0153ur de la cit\u00e9 des papes\" ><img loading=\"lazy\" decoding=\"async\" class=\"entry-thumb\" src=\"data:image\/png;base64,iVBORw0KGgoAAAANSUhEUgAAArgAAAGBAQMAAAC3k1CUAAAAA1BMVEWurq51dlI4AAAAAXRSTlMmkutdmwAAADdJREFUeNrtwTEBAAAAwiD7p7bETmAAAAAAAAAAAAAAAAAAAAAAAAAAAAAAAAAAAAAAAAAAAEDuhFgAARFpDB8AAAAASUVORK5CYII=\" alt=\"\" title=\"Cath\u00e9drale Notre-Dame-des-Doms d\u2019Avignon : un joyau spirituel au c\u0153ur de la cit\u00e9 des papes\" data-type=\"image_tag\" data-img-url=\"https:\/\/lesexplorateurscatalans.fr\/wp-content\/uploads\/2025\/12\/IMG_9584-696x385.jpeg\"  width=\"696\" height=\"385\" \/><\/a><\/div>\r\n\r\n                <div class=\"td-excerpt\">\r\n                    \nDominant la ville depuis le rocher des Doms, juste \u00e0 c\u00f4t\u00e9 du Palais des Papes, la Cath\u00e9drale Notre-Dame-des-Doms d\u2019Avignon est l\u2019un des monuments religieux...                <\/div>\r\n\r\n                <div class=\"td-read-more\">\r\n                    <a href=\"https:\/\/lesexplorateurscatalans.fr\/index.php\/2025\/12\/14\/cathedrale-notre-dame-des-doms-avignon\/\">Lire la suite<i class=\"td-icon-menu-right\"><\/i><\/a>\r\n                <\/div>\r\n            <\/div>\r\n\r\n        <\/div>\r\n\r\n        \r\n        <div class=\"td_module_18 td_module_wrap td-animation-stack\">\r\n            <div class=\"meta-info-container\">\r\n                <div class=\"td-module-meta-info\">\r\n                    <a href=\"https:\/\/lesexplorateurscatalans.fr\/index.php\/category\/carnet-de-voyage\/\" class=\"td-post-category\" >Carnet de voyage<\/a>                    <h3 class=\"entry-title td-module-title\"><a href=\"https:\/\/lesexplorateurscatalans.fr\/index.php\/2025\/12\/14\/musee-du-petit-palais-avignon\/\"  rel=\"bookmark\" title=\"Le Mus\u00e9e du Petit Palais \u00e0 Avignon : un tr\u00e9sor de l\u2019art m\u00e9di\u00e9val et de la Renaissance\">Le Mus\u00e9e du Petit Palais \u00e0 Avignon : un tr\u00e9sor de l\u2019art m\u00e9di\u00e9val et de la Renaissance<\/a><\/h3>                    <span class=\"td-post-author-name\"><a href=\"https:\/\/lesexplorateurscatalans.fr\/index.php\/author\/admin\/\">Les Explorateurs Catalans<\/a><\/span>                                                        <\/div>\r\n                <div class=\"td-module-thumb\"><a href=\"https:\/\/lesexplorateurscatalans.fr\/index.php\/2025\/12\/14\/musee-du-petit-palais-avignon\/\"  rel=\"bookmark\" class=\"td-image-wrap \" title=\"Le Mus\u00e9e du Petit Palais \u00e0 Avignon : un tr\u00e9sor de l\u2019art m\u00e9di\u00e9val et de la Renaissance\" ><img loading=\"lazy\" decoding=\"async\" class=\"entry-thumb\" src=\"data:image\/png;base64,iVBORw0KGgoAAAANSUhEUgAAArgAAAGBAQMAAAC3k1CUAAAAA1BMVEWurq51dlI4AAAAAXRSTlMmkutdmwAAADdJREFUeNrtwTEBAAAAwiD7p7bETmAAAAAAAAAAAAAAAAAAAAAAAAAAAAAAAAAAAAAAAAAAAEDuhFgAARFpDB8AAAAASUVORK5CYII=\" alt=\"\" title=\"Le Mus\u00e9e du Petit Palais \u00e0 Avignon : un tr\u00e9sor de l\u2019art m\u00e9di\u00e9val et de la Renaissance\" data-type=\"image_tag\" data-img-url=\"https:\/\/lesexplorateurscatalans.fr\/wp-content\/uploads\/2025\/12\/IMG_9578-696x385.jpeg\"  width=\"696\" height=\"385\" \/><\/a><\/div>\r\n\r\n                <div class=\"td-excerpt\">\r\n                    \nSitu\u00e9 juste en face du Palais des Papes, le Mus\u00e9e du Petit Palais est l\u2019un des lieux culturels les plus raffin\u00e9s et pourtant souvent...                <\/div>\r\n\r\n                <div class=\"td-read-more\">\r\n                    <a href=\"https:\/\/lesexplorateurscatalans.fr\/index.php\/2025\/12\/14\/musee-du-petit-palais-avignon\/\">Lire la suite<i class=\"td-icon-menu-right\"><\/i><\/a>\r\n                <\/div>\r\n            <\/div>\r\n\r\n        <\/div>\r\n\r\n        <\/div><\/div> <!-- .\/block --><\/div><\/div><div class=\"vc_column tdi_14  wpb_column vc_column_container tdc-column td-pb-span4\">\n<style scoped>\n\/* custom css - generated by TagDiv Composer *\/\n\n\/* custom css - generated by TagDiv Composer *\/\n.tdi_14{\r\n                    vertical-align: baseline;\r\n                }.tdi_14 > .wpb_wrapper,\r\n\t\t\t\t.tdi_14 > .wpb_wrapper > .tdc-elements{\r\n\t\t\t\t    display: block;\r\n\t\t\t\t}.tdi_14 > .wpb_wrapper > .tdc-elements{\r\n\t\t\t\t    width: 100%;\r\n\t\t\t\t}.tdi_14 > .wpb_wrapper > .vc_row_inner{\r\n\t\t\t\t    width: auto;\r\n\t\t\t\t}.tdi_14 > .wpb_wrapper{\r\n\t\t\t\t    width: auto;\r\n\t\t\t\t    height: auto;\r\n\t\t\t\t}\n<\/style><div class=\"wpb_wrapper\" ><div class=\"wpb_wrapper td_block_wrap vc_raw_html tdi_16 \"><div class=\"td-fix-index\"><div id=\"ww_e62d7dfeeb24a\" v='1.3' loc='id' a='{\"t\":\"horizontal\",\"lang\":\"fr\",\"sl_lpl\":1,\"ids\":[\"wl4043\"],\"font\":\"Arial\",\"sl_ics\":\"one_a\",\"sl_sot\":\"celsius\",\"cl_bkg\":\"image\",\"cl_font\":\"#FFFFFF\",\"cl_cloud\":\"#FFFFFF\",\"cl_persp\":\"#81D4FA\",\"cl_sun\":\"#FFC107\",\"cl_moon\":\"#FFC107\",\"cl_thund\":\"#FF5722\"}'>Plus de pr\u00e9visions: <a href=\"https:\/\/oneweather.org\/fr\/paris\/30_jours\/\" id=\"ww_e62d7dfeeb24a_u\" target=\"_blank\">M\u00e9t\u00e9o 30 jours<\/a><\/div><script async src=\"https:\/\/app2.weatherwidget.org\/js\/?id=ww_e62d7dfeeb24a\"><\/script>\n<\/div><\/div><div class=\"td_block_wrap td_block_21 tdi_17 td-pb-border-top td_block_template_6 td-column-1\"  data-td-block-uid=\"tdi_17\" >\n<style>\n.td_block_template_6.widget > ul > li {\r\n                margin-left: 0 !important;\r\n            }\r\n            \r\n            .td_block_template_6 .td-block-title {\r\n                text-align: center;\r\n                font-size: 17px;\r\n                font-weight: 500;\r\n                margin-top: 0;\r\n                margin-bottom: 26px;\r\n                line-height: 1;\r\n                padding: 14px 0;\r\n                position: relative;\r\n                background-repeat: no-repeat;\r\n                background-position: center center;\r\n                background-size: auto 100%;\r\n            }\r\n            .td_block_template_6 .td-block-title:before {\r\n                content: '\\e904';\r\n                font-family: 'newspaper', sans-serif;\r\n                font-size: 8px;\r\n                position: absolute;\r\n                bottom: -1px;\r\n                left: 0;\r\n                right: 0;\r\n                margin: auto;\r\n                line-height: 1;\r\n                color: var(--td_text_header_color, #000);\r\n            }\r\n            .td_block_template_6 .td-block-title > * {\r\n                color: var(--td_text_header_color, #000);\r\n            }\r\n            .td_block_template_6 .td-subcat-filter {\r\n                line-height: 40px;\r\n                position: relative;\r\n                text-align: center;\r\n                margin: -24px 0 0;\r\n            }\r\n            .td_block_template_6 .td-subcat-filter .td-subcat-more {\r\n                margin-bottom: 10px !important;\r\n            }\r\n            .td_block_template_6 .td-subcat-list {\r\n                margin-bottom: 18px;\r\n            }\r\n            .td_block_template_6 .td-subcat-list li:first-child {\r\n                margin-left: 12px;\r\n            }\r\n            .td_block_template_6 .td-subcat-dropdown ul {\r\n                margin-top: 0 !important;\r\n            }\r\n            .td_block_template_6 .td-related-title a {\r\n                padding: 10px 10px 0 10px;\r\n            }\r\n            @media (max-width: 767px) {\r\n                .td_block_template_6 .td-related-title a {\r\n                    font-size: 14px;\r\n                }\r\n            }\r\n            .td_block_template_6 .td-related-title .td-cur-simple-item {\r\n                color: var(--td_theme_color, #4db2ec);\r\n            }\n<\/style><script>var block_tdi_17 = new tdBlock();\nblock_tdi_17.id = \"tdi_17\";\nblock_tdi_17.atts = '{\"custom_title\":\"Quoi de neuf ?\",\"block_type\":\"td_block_21\",\"separator\":\"\",\"custom_url\":\"\",\"block_template_id\":\"\",\"m16_tl\":\"\",\"m16_el\":\"\",\"post_ids\":\"\",\"category_id\":\"\",\"taxonomies\":\"\",\"category_ids\":\"\",\"in_all_terms\":\"\",\"tag_slug\":\"\",\"autors_id\":\"\",\"installed_post_types\":\"\",\"include_cf_posts\":\"\",\"exclude_cf_posts\":\"\",\"sort\":\"\",\"popular_by_date\":\"\",\"linked_posts\":\"\",\"favourite_only\":\"\",\"limit\":\"5\",\"offset\":\"\",\"open_in_new_window\":\"\",\"show_modified_date\":\"\",\"time_ago\":\"\",\"time_ago_add_txt\":\"ago\",\"time_ago_txt_pos\":\"\",\"review_source\":\"\",\"el_class\":\"\",\"td_ajax_filter_type\":\"\",\"td_ajax_filter_ids\":\"\",\"td_filter_default_txt\":\"All\",\"td_ajax_preloading\":\"\",\"f_header_font_header\":\"\",\"f_header_font_title\":\"Block header\",\"f_header_font_settings\":\"\",\"f_header_font_family\":\"\",\"f_header_font_size\":\"\",\"f_header_font_line_height\":\"\",\"f_header_font_style\":\"\",\"f_header_font_weight\":\"\",\"f_header_font_transform\":\"\",\"f_header_font_spacing\":\"\",\"f_header_\":\"\",\"f_ajax_font_title\":\"Ajax categories\",\"f_ajax_font_settings\":\"\",\"f_ajax_font_family\":\"\",\"f_ajax_font_size\":\"\",\"f_ajax_font_line_height\":\"\",\"f_ajax_font_style\":\"\",\"f_ajax_font_weight\":\"\",\"f_ajax_font_transform\":\"\",\"f_ajax_font_spacing\":\"\",\"f_ajax_\":\"\",\"f_more_font_title\":\"Load more button\",\"f_more_font_settings\":\"\",\"f_more_font_family\":\"\",\"f_more_font_size\":\"\",\"f_more_font_line_height\":\"\",\"f_more_font_style\":\"\",\"f_more_font_weight\":\"\",\"f_more_font_transform\":\"\",\"f_more_font_spacing\":\"\",\"f_more_\":\"\",\"m16f_title_font_header\":\"\",\"m16f_title_font_title\":\"Article title\",\"m16f_title_font_settings\":\"\",\"m16f_title_font_family\":\"\",\"m16f_title_font_size\":\"\",\"m16f_title_font_line_height\":\"\",\"m16f_title_font_style\":\"\",\"m16f_title_font_weight\":\"\",\"m16f_title_font_transform\":\"\",\"m16f_title_font_spacing\":\"\",\"m16f_title_\":\"\",\"m16f_cat_font_title\":\"Article category tag\",\"m16f_cat_font_settings\":\"\",\"m16f_cat_font_family\":\"\",\"m16f_cat_font_size\":\"\",\"m16f_cat_font_line_height\":\"\",\"m16f_cat_font_style\":\"\",\"m16f_cat_font_weight\":\"\",\"m16f_cat_font_transform\":\"\",\"m16f_cat_font_spacing\":\"\",\"m16f_cat_\":\"\",\"m16f_meta_font_title\":\"Article meta info\",\"m16f_meta_font_settings\":\"\",\"m16f_meta_font_family\":\"\",\"m16f_meta_font_size\":\"\",\"m16f_meta_font_line_height\":\"\",\"m16f_meta_font_style\":\"\",\"m16f_meta_font_weight\":\"\",\"m16f_meta_font_transform\":\"\",\"m16f_meta_font_spacing\":\"\",\"m16f_meta_\":\"\",\"m16f_ex_font_title\":\"Article excerpt\",\"m16f_ex_font_settings\":\"\",\"m16f_ex_font_family\":\"\",\"m16f_ex_font_size\":\"\",\"m16f_ex_font_line_height\":\"\",\"m16f_ex_font_style\":\"\",\"m16f_ex_font_weight\":\"\",\"m16f_ex_font_transform\":\"\",\"m16f_ex_font_spacing\":\"\",\"m16f_ex_\":\"\",\"ajax_pagination\":\"\",\"ajax_pagination_next_prev_swipe\":\"\",\"ajax_pagination_infinite_stop\":\"\",\"css\":\"\",\"tdc_css\":\"\",\"td_column_number\":1,\"header_color\":\"\",\"color_preset\":\"\",\"border_top\":\"\",\"class\":\"tdi_17\",\"tdc_css_class\":\"tdi_17\",\"tdc_css_class_style\":\"tdi_17_rand_style\"}';\nblock_tdi_17.td_column_number = \"1\";\nblock_tdi_17.block_type = \"td_block_21\";\nblock_tdi_17.post_count = \"5\";\nblock_tdi_17.found_posts = \"36\";\nblock_tdi_17.header_color = \"\";\nblock_tdi_17.ajax_pagination_infinite_stop = \"\";\nblock_tdi_17.max_num_pages = \"8\";\ntdBlocksArray.push(block_tdi_17);\n<\/script><div class=\"td-block-title-wrap\"><h4 class=\"td-block-title\"><span class=\"td-pulldown-size\">Quoi de neuf ?<\/span><\/h4><\/div><div id=tdi_17 class=\"td_block_inner\">\r\n        <div class=\"td_module_16 td_module_wrap td-animation-stack\">\r\n            <div class=\"td-module-thumb\"><a href=\"https:\/\/lesexplorateurscatalans.fr\/index.php\/2025\/12\/14\/cathedrale-notre-dame-des-doms-avignon\/\"  rel=\"bookmark\" class=\"td-image-wrap \" title=\"Cath\u00e9drale Notre-Dame-des-Doms d\u2019Avignon : un joyau spirituel au c\u0153ur de la cit\u00e9 des papes\" ><img loading=\"lazy\" decoding=\"async\" class=\"entry-thumb\" src=\"\" alt=\"\" title=\"Cath\u00e9drale Notre-Dame-des-Doms d\u2019Avignon : un joyau spirituel au c\u0153ur de la cit\u00e9 des papes\" data-type=\"image_tag\" data-img-url=\"https:\/\/lesexplorateurscatalans.fr\/wp-content\/uploads\/2025\/12\/IMG_9584-150x150.jpeg\"  width=\"150\" height=\"150\" \/><\/a><\/div>\r\n            <div class=\"item-details\">\r\n                <h3 class=\"entry-title td-module-title\"><a href=\"https:\/\/lesexplorateurscatalans.fr\/index.php\/2025\/12\/14\/cathedrale-notre-dame-des-doms-avignon\/\"  rel=\"bookmark\" title=\"Cath\u00e9drale Notre-Dame-des-Doms d\u2019Avignon : un joyau spirituel au c\u0153ur de la cit\u00e9 des papes\">Cath\u00e9drale Notre-Dame-des-Doms d\u2019Avignon : un joyau spirituel au c\u0153ur de la cit\u00e9 des papes<\/a><\/h3>\r\n                <div class=\"td-module-meta-info\">\r\n                    <a href=\"https:\/\/lesexplorateurscatalans.fr\/index.php\/category\/carnet-de-voyage\/\" class=\"td-post-category\" >Carnet de voyage<\/a>                    <span class=\"td-post-author-name\"><a href=\"https:\/\/lesexplorateurscatalans.fr\/index.php\/author\/admin\/\">Les Explorateurs Catalans<\/a><\/span>                                                        <\/div>\r\n\r\n                <div class=\"td-excerpt\">\r\n                    \nDominant la ville depuis le rocher des Doms, juste \u00e0 c\u00f4t\u00e9 du Palais des Papes, la Cath\u00e9drale Notre-Dame-des-Doms d\u2019Avignon est l\u2019un des monuments religieux...                <\/div>\r\n            <\/div>\r\n\r\n        <\/div>\r\n\r\n        \r\n        <div class=\"td_module_16 td_module_wrap td-animation-stack\">\r\n            <div class=\"td-module-thumb\"><a href=\"https:\/\/lesexplorateurscatalans.fr\/index.php\/2025\/12\/14\/musee-du-petit-palais-avignon\/\"  rel=\"bookmark\" class=\"td-image-wrap \" title=\"Le Mus\u00e9e du Petit Palais \u00e0 Avignon : un tr\u00e9sor de l\u2019art m\u00e9di\u00e9val et de la Renaissance\" ><img loading=\"lazy\" decoding=\"async\" class=\"entry-thumb\" src=\"\" alt=\"\" title=\"Le Mus\u00e9e du Petit Palais \u00e0 Avignon : un tr\u00e9sor de l\u2019art m\u00e9di\u00e9val et de la Renaissance\" data-type=\"image_tag\" data-img-url=\"https:\/\/lesexplorateurscatalans.fr\/wp-content\/uploads\/2025\/12\/IMG_9578-150x150.jpeg\"  width=\"150\" height=\"150\" \/><\/a><\/div>\r\n            <div class=\"item-details\">\r\n                <h3 class=\"entry-title td-module-title\"><a href=\"https:\/\/lesexplorateurscatalans.fr\/index.php\/2025\/12\/14\/musee-du-petit-palais-avignon\/\"  rel=\"bookmark\" title=\"Le Mus\u00e9e du Petit Palais \u00e0 Avignon : un tr\u00e9sor de l\u2019art m\u00e9di\u00e9val et de la Renaissance\">Le Mus\u00e9e du Petit Palais \u00e0 Avignon : un tr\u00e9sor de l\u2019art m\u00e9di\u00e9val et...<\/a><\/h3>\r\n                <div class=\"td-module-meta-info\">\r\n                    <a href=\"https:\/\/lesexplorateurscatalans.fr\/index.php\/category\/carnet-de-voyage\/\" class=\"td-post-category\" >Carnet de voyage<\/a>                    <span class=\"td-post-author-name\"><a href=\"https:\/\/lesexplorateurscatalans.fr\/index.php\/author\/admin\/\">Les Explorateurs Catalans<\/a><\/span>                                                        <\/div>\r\n\r\n                <div class=\"td-excerpt\">\r\n                    \nSitu\u00e9 juste en face du Palais des Papes, le Mus\u00e9e du Petit Palais est l\u2019un des lieux culturels les plus raffin\u00e9s et pourtant souvent...                <\/div>\r\n            <\/div>\r\n\r\n        <\/div>\r\n\r\n        \r\n        <div class=\"td_module_16 td_module_wrap td-animation-stack\">\r\n            <div class=\"td-module-thumb\"><a href=\"https:\/\/lesexplorateurscatalans.fr\/index.php\/2025\/12\/14\/jardin-des-doms-avignon\/\"  rel=\"bookmark\" class=\"td-image-wrap \" title=\"Le Jardin des Doms \u00e0 Avignon : une parenth\u00e8se verte au c\u0153ur de la cit\u00e9 des papes\" ><img loading=\"lazy\" decoding=\"async\" class=\"entry-thumb\" src=\"\" alt=\"\" title=\"Le Jardin des Doms \u00e0 Avignon : une parenth\u00e8se verte au c\u0153ur de la cit\u00e9 des papes\" data-type=\"image_tag\" data-img-url=\"https:\/\/lesexplorateurscatalans.fr\/wp-content\/uploads\/2025\/12\/IMG_9570-150x150.jpeg\"  width=\"150\" height=\"150\" \/><\/a><\/div>\r\n            <div class=\"item-details\">\r\n                <h3 class=\"entry-title td-module-title\"><a href=\"https:\/\/lesexplorateurscatalans.fr\/index.php\/2025\/12\/14\/jardin-des-doms-avignon\/\"  rel=\"bookmark\" title=\"Le Jardin des Doms \u00e0 Avignon : une parenth\u00e8se verte au c\u0153ur de la cit\u00e9 des papes\">Le Jardin des Doms \u00e0 Avignon : une parenth\u00e8se verte au c\u0153ur de la...<\/a><\/h3>\r\n                <div class=\"td-module-meta-info\">\r\n                    <a href=\"https:\/\/lesexplorateurscatalans.fr\/index.php\/category\/carnet-de-voyage\/\" class=\"td-post-category\" >Carnet de voyage<\/a>                    <span class=\"td-post-author-name\"><a href=\"https:\/\/lesexplorateurscatalans.fr\/index.php\/author\/admin\/\">Les Explorateurs Catalans<\/a><\/span>                                                        <\/div>\r\n\r\n                <div class=\"td-excerpt\">\r\n                    \nPerch\u00e9 sur le rocher des Doms, juste \u00e0 c\u00f4t\u00e9 du Palais des Papes, le Jardin des Doms est l\u2019un des lieux les plus agr\u00e9ables...                <\/div>\r\n            <\/div>\r\n\r\n        <\/div>\r\n\r\n        \r\n        <div class=\"td_module_16 td_module_wrap td-animation-stack\">\r\n            <div class=\"td-module-thumb\"><a href=\"https:\/\/lesexplorateurscatalans.fr\/index.php\/2025\/12\/14\/pont-d-avignon\/\"  rel=\"bookmark\" class=\"td-image-wrap \" title=\"Le Pont d\u2019Avignon (Pont Saint-B\u00e9n\u00e9zet) : un monument mythique charg\u00e9 d\u2019histoire\" ><img loading=\"lazy\" decoding=\"async\" class=\"entry-thumb\" src=\"\" alt=\"\" title=\"Le Pont d\u2019Avignon (Pont Saint-B\u00e9n\u00e9zet) : un monument mythique charg\u00e9 d\u2019histoire\" data-type=\"image_tag\" data-img-url=\"https:\/\/lesexplorateurscatalans.fr\/wp-content\/uploads\/2025\/12\/IMG_9560-150x150.jpeg\"  width=\"150\" height=\"150\" \/><\/a><\/div>\r\n            <div class=\"item-details\">\r\n                <h3 class=\"entry-title td-module-title\"><a href=\"https:\/\/lesexplorateurscatalans.fr\/index.php\/2025\/12\/14\/pont-d-avignon\/\"  rel=\"bookmark\" title=\"Le Pont d\u2019Avignon (Pont Saint-B\u00e9n\u00e9zet) : un monument mythique charg\u00e9 d\u2019histoire\">Le Pont d\u2019Avignon (Pont Saint-B\u00e9n\u00e9zet) : un monument mythique charg\u00e9 d\u2019histoire<\/a><\/h3>\r\n                <div class=\"td-module-meta-info\">\r\n                    <a href=\"https:\/\/lesexplorateurscatalans.fr\/index.php\/category\/carnet-de-voyage\/\" class=\"td-post-category\" >Carnet de voyage<\/a>                    <span class=\"td-post-author-name\"><a href=\"https:\/\/lesexplorateurscatalans.fr\/index.php\/author\/admin\/\">Les Explorateurs Catalans<\/a><\/span>                                                        <\/div>\r\n\r\n                <div class=\"td-excerpt\">\r\n                    \nImpossible de visiter Avignon sans passer par son monument le plus c\u00e9l\u00e8bre : le Pont d\u2019Avignon, officiellement appel\u00e9 Pont Saint-B\u00e9n\u00e9zet.Rendu mondialement c\u00e9l\u00e8bre par la...                <\/div>\r\n            <\/div>\r\n\r\n        <\/div>\r\n\r\n        \r\n        <div class=\"td_module_16 td_module_wrap td-animation-stack\">\r\n            <div class=\"td-module-thumb\"><a href=\"https:\/\/lesexplorateurscatalans.fr\/index.php\/2025\/12\/14\/exposition-cosmos-avignon\/\"  rel=\"bookmark\" class=\"td-image-wrap \" title=\"COSMOS \u2013 Jean-Michel Othoniel \u00e0 Avignon : une exp\u00e9rience artistique hors du temp\" ><img loading=\"lazy\" decoding=\"async\" class=\"entry-thumb\" src=\"\" alt=\"\" title=\"COSMOS \u2013 Jean-Michel Othoniel \u00e0 Avignon : une exp\u00e9rience artistique hors du temp\" data-type=\"image_tag\" data-img-url=\"https:\/\/lesexplorateurscatalans.fr\/wp-content\/uploads\/2025\/12\/IMG_9532-150x150.jpeg\"  width=\"150\" height=\"150\" \/><\/a><\/div>\r\n            <div class=\"item-details\">\r\n                <h3 class=\"entry-title td-module-title\"><a href=\"https:\/\/lesexplorateurscatalans.fr\/index.php\/2025\/12\/14\/exposition-cosmos-avignon\/\"  rel=\"bookmark\" title=\"COSMOS \u2013 Jean-Michel Othoniel \u00e0 Avignon : une exp\u00e9rience artistique hors du temp\">COSMOS \u2013 Jean-Michel Othoniel \u00e0 Avignon : une exp\u00e9rience artistique hors du temp<\/a><\/h3>\r\n                <div class=\"td-module-meta-info\">\r\n                    <a href=\"https:\/\/lesexplorateurscatalans.fr\/index.php\/category\/carnet-de-voyage\/\" class=\"td-post-category\" >Carnet de voyage<\/a>                    <span class=\"td-post-author-name\"><a href=\"https:\/\/lesexplorateurscatalans.fr\/index.php\/author\/admin\/\">Les Explorateurs Catalans<\/a><\/span>                                                        <\/div>\r\n\r\n                <div class=\"td-excerpt\">\r\n                    \nAvec COSMOS, Jean-Michel Othoniel invite les visiteurs \u00e0 vivre une exp\u00e9rience artistique et sensorielle unique, au c\u0153ur d\u2019Avignon. Cette exposition monumentale transforme des lieux...                <\/div>\r\n            <\/div>\r\n\r\n        <\/div>\r\n\r\n        <\/div><\/div> <!-- .\/block --><\/div><\/div><\/div><\/div><div id=\"tdi_18\" class=\"tdc-row\"><div class=\"vc_row tdi_19  wpb_row td-pb-row\" >\n<style scoped>\n\/* custom css - generated by TagDiv Composer *\/\n\n\/* custom css - generated by TagDiv Composer *\/\n.tdi_19,\r\n                .tdi_19 .tdc-columns{\r\n                    min-height: 0;\r\n                }.tdi_19,\r\n\t\t\t\t.tdi_19 .tdc-columns{\r\n\t\t\t\t    display: block;\r\n\t\t\t\t}.tdi_19 .tdc-columns{\r\n\t\t\t\t    width: 100%;\r\n\t\t\t\t}.tdi_19:before,\r\n\t\t\t\t.tdi_19:after{\r\n\t\t\t\t    display: table;\r\n\t\t\t\t}\n<\/style><div class=\"vc_column tdi_21  wpb_column vc_column_container tdc-column td-pb-span12\">\n<style scoped>\n\/* custom css - generated by TagDiv Composer *\/\n\n\/* custom css - generated by TagDiv Composer *\/\n.tdi_21{\r\n                    vertical-align: baseline;\r\n                }.tdi_21 > .wpb_wrapper,\r\n\t\t\t\t.tdi_21 > .wpb_wrapper > .tdc-elements{\r\n\t\t\t\t    display: block;\r\n\t\t\t\t}.tdi_21 > .wpb_wrapper > .tdc-elements{\r\n\t\t\t\t    width: 100%;\r\n\t\t\t\t}.tdi_21 > .wpb_wrapper > .vc_row_inner{\r\n\t\t\t\t    width: auto;\r\n\t\t\t\t}.tdi_21 > .wpb_wrapper{\r\n\t\t\t\t    width: auto;\r\n\t\t\t\t    height: auto;\r\n\t\t\t\t}\n<\/style><div class=\"wpb_wrapper\" ><\/div><\/div><\/div><\/div><\/div><\/div>","protected":false},"excerpt":{"rendered":"","protected":false},"author":1,"featured_media":457,"parent":0,"menu_order":0,"comment_status":"open","ping_status":"closed","template":"page-pagebuilder-latest.php","meta":{"tdm_status":"","tdm_grid_status":"","footnotes":""},"class_list":["post-39","page","type-page","status-publish","has-post-thumbnail"],"yoast_head":"<!-- This site is optimized with the Yoast SEO plugin v26.5 - https:\/\/yoast.com\/wordpress\/plugins\/seo\/ -->\n<title>Home - Les Explorateurs Catalans<\/title>\n<meta name=\"description\" content=\"Les Explorateurs Catalans vous invite \u00e0 d\u00e9couvrir des aventures inoubliables \u00e0 travers les paysages \u00e9poustouflants des Pyr\u00e9n\u00e9es-Orientales et d&#039;ailleurs. Randonn\u00e9e, via ferrata, et explorations culturelles pour tous les amateurs de nature et de voyages.\" \/>\n<meta name=\"robots\" content=\"index, follow, max-snippet:-1, max-image-preview:large, max-video-preview:-1\" \/>\n<link rel=\"canonical\" href=\"https:\/\/lesexplorateurscatalans.fr\/\" \/>\n<meta property=\"og:locale\" content=\"fr_FR\" \/>\n<meta property=\"og:type\" content=\"article\" \/>\n<meta property=\"og:title\" content=\"Home - Les Explorateurs Catalans\" \/>\n<meta property=\"og:description\" content=\"Les Explorateurs Catalans vous invite \u00e0 d\u00e9couvrir des aventures inoubliables \u00e0 travers les paysages \u00e9poustouflants des Pyr\u00e9n\u00e9es-Orientales et d&#039;ailleurs. Randonn\u00e9e, via ferrata, et explorations culturelles pour tous les amateurs de nature et de voyages.\" \/>\n<meta property=\"og:url\" content=\"https:\/\/lesexplorateurscatalans.fr\/\" \/>\n<meta property=\"og:site_name\" content=\"Les Explorateurs Catalans\" \/>\n<meta property=\"article:publisher\" content=\"https:\/\/www.facebook.com\/lesexplorateurscatalans\" \/>\n<meta property=\"article:modified_time\" content=\"2025-01-15T06:45:25+00:00\" \/>\n<meta property=\"og:image\" content=\"https:\/\/lesexplorateurscatalans.fr\/wp-content\/uploads\/2024\/05\/DALL_E-2024-02-19-13.15-removebg-preview.png\" \/>\n\t<meta property=\"og:image:width\" content=\"500\" \/>\n\t<meta property=\"og:image:height\" content=\"500\" \/>\n\t<meta property=\"og:image:type\" content=\"image\/png\" \/>\n<meta name=\"twitter:card\" content=\"summary_large_image\" \/>\n<meta name=\"twitter:label1\" content=\"Dur\u00e9e de lecture estim\u00e9e\" \/>\n\t<meta name=\"twitter:data1\" content=\"4 minutes\" \/>\n<script type=\"application\/ld+json\" class=\"yoast-schema-graph\">{\"@context\":\"https:\/\/schema.org\",\"@graph\":[{\"@type\":\"WebPage\",\"@id\":\"https:\/\/lesexplorateurscatalans.fr\/\",\"url\":\"https:\/\/lesexplorateurscatalans.fr\/\",\"name\":\"Home - Les Explorateurs Catalans\",\"isPartOf\":{\"@id\":\"https:\/\/lesexplorateurscatalans.fr\/#website\"},\"primaryImageOfPage\":{\"@id\":\"https:\/\/lesexplorateurscatalans.fr\/#primaryimage\"},\"image\":{\"@id\":\"https:\/\/lesexplorateurscatalans.fr\/#primaryimage\"},\"thumbnailUrl\":\"https:\/\/lesexplorateurscatalans.fr\/wp-content\/uploads\/2024\/05\/DALL_E-2024-02-19-13.15-removebg-preview.png\",\"datePublished\":\"2024-04-28T16:44:43+00:00\",\"dateModified\":\"2025-01-15T06:45:25+00:00\",\"description\":\"Les Explorateurs Catalans vous invite \u00e0 d\u00e9couvrir des aventures inoubliables \u00e0 travers les paysages \u00e9poustouflants des Pyr\u00e9n\u00e9es-Orientales et d'ailleurs. Randonn\u00e9e, via ferrata, et explorations culturelles pour tous les amateurs de nature et de voyages.\",\"breadcrumb\":{\"@id\":\"https:\/\/lesexplorateurscatalans.fr\/#breadcrumb\"},\"inLanguage\":\"fr-FR\",\"potentialAction\":[{\"@type\":\"ReadAction\",\"target\":[\"https:\/\/lesexplorateurscatalans.fr\/\"]}]},{\"@type\":\"ImageObject\",\"inLanguage\":\"fr-FR\",\"@id\":\"https:\/\/lesexplorateurscatalans.fr\/#primaryimage\",\"url\":\"https:\/\/lesexplorateurscatalans.fr\/wp-content\/uploads\/2024\/05\/DALL_E-2024-02-19-13.15-removebg-preview.png\",\"contentUrl\":\"https:\/\/lesexplorateurscatalans.fr\/wp-content\/uploads\/2024\/05\/DALL_E-2024-02-19-13.15-removebg-preview.png\",\"width\":500,\"height\":500},{\"@type\":\"BreadcrumbList\",\"@id\":\"https:\/\/lesexplorateurscatalans.fr\/#breadcrumb\",\"itemListElement\":[{\"@type\":\"ListItem\",\"position\":1,\"name\":\"Accueil\",\"item\":\"https:\/\/lesexplorateurscatalans.fr\/\"},{\"@type\":\"ListItem\",\"position\":2,\"name\":\"Home\"}]},{\"@type\":\"WebSite\",\"@id\":\"https:\/\/lesexplorateurscatalans.fr\/#website\",\"url\":\"https:\/\/lesexplorateurscatalans.fr\/\",\"name\":\"Les Explorateurs Catalans\",\"description\":\"Les Explorateurs Catalans : Votre boussole pour l&#039;aventure.\",\"publisher\":{\"@id\":\"https:\/\/lesexplorateurscatalans.fr\/#organization\"},\"alternateName\":\"LEC\",\"potentialAction\":[{\"@type\":\"SearchAction\",\"target\":{\"@type\":\"EntryPoint\",\"urlTemplate\":\"https:\/\/lesexplorateurscatalans.fr\/?s={search_term_string}\"},\"query-input\":{\"@type\":\"PropertyValueSpecification\",\"valueRequired\":true,\"valueName\":\"search_term_string\"}}],\"inLanguage\":\"fr-FR\"},{\"@type\":\"Organization\",\"@id\":\"https:\/\/lesexplorateurscatalans.fr\/#organization\",\"name\":\"Les Explorateurs Catalans\",\"alternateName\":\"LEC\",\"url\":\"https:\/\/lesexplorateurscatalans.fr\/\",\"logo\":{\"@type\":\"ImageObject\",\"inLanguage\":\"fr-FR\",\"@id\":\"https:\/\/lesexplorateurscatalans.fr\/#\/schema\/logo\/image\/\",\"url\":\"https:\/\/lesexplorateurscatalans.fr\/wp-content\/uploads\/2024\/04\/DALL_E-2024-02-19-13.15-removebg-preview.png\",\"contentUrl\":\"https:\/\/lesexplorateurscatalans.fr\/wp-content\/uploads\/2024\/04\/DALL_E-2024-02-19-13.15-removebg-preview.png\",\"width\":500,\"height\":500,\"caption\":\"Les Explorateurs Catalans\"},\"image\":{\"@id\":\"https:\/\/lesexplorateurscatalans.fr\/#\/schema\/logo\/image\/\"},\"sameAs\":[\"https:\/\/www.facebook.com\/lesexplorateurscatalans\",\"https:\/\/www.relive.cc\/profile\/niko660\"]}]}<\/script>\n<!-- \/ Yoast SEO plugin. -->","yoast_head_json":{"title":"Home - Les Explorateurs Catalans","description":"Les Explorateurs Catalans vous invite \u00e0 d\u00e9couvrir des aventures inoubliables \u00e0 travers les paysages \u00e9poustouflants des Pyr\u00e9n\u00e9es-Orientales et d'ailleurs. Randonn\u00e9e, via ferrata, et explorations culturelles pour tous les amateurs de nature et de voyages.","robots":{"index":"index","follow":"follow","max-snippet":"max-snippet:-1","max-image-preview":"max-image-preview:large","max-video-preview":"max-video-preview:-1"},"canonical":"https:\/\/lesexplorateurscatalans.fr\/","og_locale":"fr_FR","og_type":"article","og_title":"Home - Les Explorateurs Catalans","og_description":"Les Explorateurs Catalans vous invite \u00e0 d\u00e9couvrir des aventures inoubliables \u00e0 travers les paysages \u00e9poustouflants des Pyr\u00e9n\u00e9es-Orientales et d'ailleurs. Randonn\u00e9e, via ferrata, et explorations culturelles pour tous les amateurs de nature et de voyages.","og_url":"https:\/\/lesexplorateurscatalans.fr\/","og_site_name":"Les Explorateurs Catalans","article_publisher":"https:\/\/www.facebook.com\/lesexplorateurscatalans","article_modified_time":"2025-01-15T06:45:25+00:00","og_image":[{"width":500,"height":500,"url":"https:\/\/lesexplorateurscatalans.fr\/wp-content\/uploads\/2024\/05\/DALL_E-2024-02-19-13.15-removebg-preview.png","type":"image\/png"}],"twitter_card":"summary_large_image","twitter_misc":{"Dur\u00e9e de lecture estim\u00e9e":"4 minutes"},"schema":{"@context":"https:\/\/schema.org","@graph":[{"@type":"WebPage","@id":"https:\/\/lesexplorateurscatalans.fr\/","url":"https:\/\/lesexplorateurscatalans.fr\/","name":"Home - Les Explorateurs Catalans","isPartOf":{"@id":"https:\/\/lesexplorateurscatalans.fr\/#website"},"primaryImageOfPage":{"@id":"https:\/\/lesexplorateurscatalans.fr\/#primaryimage"},"image":{"@id":"https:\/\/lesexplorateurscatalans.fr\/#primaryimage"},"thumbnailUrl":"https:\/\/lesexplorateurscatalans.fr\/wp-content\/uploads\/2024\/05\/DALL_E-2024-02-19-13.15-removebg-preview.png","datePublished":"2024-04-28T16:44:43+00:00","dateModified":"2025-01-15T06:45:25+00:00","description":"Les Explorateurs Catalans vous invite \u00e0 d\u00e9couvrir des aventures inoubliables \u00e0 travers les paysages \u00e9poustouflants des Pyr\u00e9n\u00e9es-Orientales et d'ailleurs. Randonn\u00e9e, via ferrata, et explorations culturelles pour tous les amateurs de nature et de voyages.","breadcrumb":{"@id":"https:\/\/lesexplorateurscatalans.fr\/#breadcrumb"},"inLanguage":"fr-FR","potentialAction":[{"@type":"ReadAction","target":["https:\/\/lesexplorateurscatalans.fr\/"]}]},{"@type":"ImageObject","inLanguage":"fr-FR","@id":"https:\/\/lesexplorateurscatalans.fr\/#primaryimage","url":"https:\/\/lesexplorateurscatalans.fr\/wp-content\/uploads\/2024\/05\/DALL_E-2024-02-19-13.15-removebg-preview.png","contentUrl":"https:\/\/lesexplorateurscatalans.fr\/wp-content\/uploads\/2024\/05\/DALL_E-2024-02-19-13.15-removebg-preview.png","width":500,"height":500},{"@type":"BreadcrumbList","@id":"https:\/\/lesexplorateurscatalans.fr\/#breadcrumb","itemListElement":[{"@type":"ListItem","position":1,"name":"Accueil","item":"https:\/\/lesexplorateurscatalans.fr\/"},{"@type":"ListItem","position":2,"name":"Home"}]},{"@type":"WebSite","@id":"https:\/\/lesexplorateurscatalans.fr\/#website","url":"https:\/\/lesexplorateurscatalans.fr\/","name":"Les Explorateurs Catalans","description":"Les Explorateurs Catalans : Votre boussole pour l&#039;aventure.","publisher":{"@id":"https:\/\/lesexplorateurscatalans.fr\/#organization"},"alternateName":"LEC","potentialAction":[{"@type":"SearchAction","target":{"@type":"EntryPoint","urlTemplate":"https:\/\/lesexplorateurscatalans.fr\/?s={search_term_string}"},"query-input":{"@type":"PropertyValueSpecification","valueRequired":true,"valueName":"search_term_string"}}],"inLanguage":"fr-FR"},{"@type":"Organization","@id":"https:\/\/lesexplorateurscatalans.fr\/#organization","name":"Les Explorateurs Catalans","alternateName":"LEC","url":"https:\/\/lesexplorateurscatalans.fr\/","logo":{"@type":"ImageObject","inLanguage":"fr-FR","@id":"https:\/\/lesexplorateurscatalans.fr\/#\/schema\/logo\/image\/","url":"https:\/\/lesexplorateurscatalans.fr\/wp-content\/uploads\/2024\/04\/DALL_E-2024-02-19-13.15-removebg-preview.png","contentUrl":"https:\/\/lesexplorateurscatalans.fr\/wp-content\/uploads\/2024\/04\/DALL_E-2024-02-19-13.15-removebg-preview.png","width":500,"height":500,"caption":"Les Explorateurs Catalans"},"image":{"@id":"https:\/\/lesexplorateurscatalans.fr\/#\/schema\/logo\/image\/"},"sameAs":["https:\/\/www.facebook.com\/lesexplorateurscatalans","https:\/\/www.relive.cc\/profile\/niko660"]}]}},"amp_enabled":false,"_links":{"self":[{"href":"https:\/\/lesexplorateurscatalans.fr\/index.php\/wp-json\/wp\/v2\/pages\/39","targetHints":{"allow":["GET"]}}],"collection":[{"href":"https:\/\/lesexplorateurscatalans.fr\/index.php\/wp-json\/wp\/v2\/pages"}],"about":[{"href":"https:\/\/lesexplorateurscatalans.fr\/index.php\/wp-json\/wp\/v2\/types\/page"}],"author":[{"embeddable":true,"href":"https:\/\/lesexplorateurscatalans.fr\/index.php\/wp-json\/wp\/v2\/users\/1"}],"replies":[{"embeddable":true,"href":"https:\/\/lesexplorateurscatalans.fr\/index.php\/wp-json\/wp\/v2\/comments?post=39"}],"version-history":[{"count":24,"href":"https:\/\/lesexplorateurscatalans.fr\/index.php\/wp-json\/wp\/v2\/pages\/39\/revisions"}],"predecessor-version":[{"id":239,"href":"https:\/\/lesexplorateurscatalans.fr\/index.php\/wp-json\/wp\/v2\/pages\/39\/revisions\/239"}],"wp:featuredmedia":[{"embeddable":true,"href":"https:\/\/lesexplorateurscatalans.fr\/index.php\/wp-json\/wp\/v2\/media\/457"}],"wp:attachment":[{"href":"https:\/\/lesexplorateurscatalans.fr\/index.php\/wp-json\/wp\/v2\/media?parent=39"}],"curies":[{"name":"wp","href":"https:\/\/api.w.org\/{rel}","templated":true}]}}